{"id":1392,"date":"2018-07-06T21:35:41","date_gmt":"2018-07-07T00:35:41","guid":{"rendered":"https:\/\/dges-sal.infd.edu.ar\/sitio\/?page_id=1392"},"modified":"2018-07-26T12:51:08","modified_gmt":"2018-07-26T15:51:08","slug":"campo-de-la-formacion-de-las-practicas-profesionales","status":"publish","type":"page","link":"https:\/\/dges-sal.infd.edu.ar\/sitio\/campo-de-la-formacion-de-las-practicas-profesionales\/","title":{"rendered":"Campo de la Formaci\u00f3n de las Practicas Profesionales"},"content":{"rendered":"<h4><span style=\"color: #337eff;\"><strong>Cierre 2014 de\u00a0\u201cEl Trayecto de acompa\u00f1amiento al Desarrollo Curricular del Campo de la Pr\u00e1ctica Docente Inicial\u201d<\/strong><\/span><\/h4>\n<p><img decoding=\"async\" loading=\"lazy\" title=\"Encuentro de Practicas 2014 1\" src=\"https:\/\/dges-sal.infd.edu.ar\/sitio\/wp-content\/uploads\/2018\/07\/WP_20140522_16_14_36_Pro1.jpg\" alt=\"Encuentro de Practicas 2014 1\" width=\"492\" height=\"277\" border=\"0\" \/><img decoding=\"async\" loading=\"lazy\" title=\"Encuentro de Practicas 2014 2\" src=\"https:\/\/dges-sal.infd.edu.ar\/sitio\/wp-content\/uploads\/2018\/07\/WP_20141031_008.jpg\" alt=\"Encuentro de Practicas 2014 2\" width=\"470\" height=\"306\" border=\"0\" \/><\/p>\n<p>El d\u00eda 30 y 31 de octubre en la Ciudad de Salta, se desarroll\u00f3 en las instalaciones de la UFIDET el \u00a0<strong>\u201cSegundo Encuentro de Acompa\u00f1amiento al Desarrollo Curricular del Campo de la Pr\u00e1ctica Profesional Docente\u201d,<\/strong> destinados a Equipos Docentes y estudiantes del Campo de las Pr\u00e1cticas Educativas del 1\u00ba, 2\u00ba, 3\u00ba y 4\u00ba a\u00f1o de los Profesorados de Educaci\u00f3n Primaria y Educaci\u00f3n Secundaria en Biolog\u00eda, Qu\u00edmica, Geograf\u00eda e Historia.<\/p>\n<p>De este modo se dio cierre a\u00a0<strong><em>\u201cEl Trayecto de acompa\u00f1amiento al Desarrollo Curricular del Campo de la Pr\u00e1ctica Docente Inicial\u201d, <\/em><\/strong><em>iniciado en el mes de mayo.<\/em><\/p>\n<p><em>El tema central se dirigi\u00f3 en torno a la <strong>\u201cArticulaci\u00f3n\u00a0 curricular en el mencionado campo\u201d.<\/strong><\/em> Nuestro prop\u00f3sito es favorecer la profesionalizaci\u00f3n del ejercicio de la docencia a trav\u00e9s de una formaci\u00f3n sistem\u00e1tica en la nueva l\u00f3gica de trabajo en la Practica Docente, promotora de acciones transformadoras y cient\u00edficamente fundadas, ofrecer una visi\u00f3n actualizada de los diferentes paradigmas que constituyen el basamento te\u00f3rico de la pr\u00e1ctica educacional; brindar al futuro docente un espacio para reflexionar acerca de los contextos en que se desarrollan sus pr\u00e1cticas profesionales, los nuevos requerimientos de la sociedad al sistema educativo y las estrategias posibles para el adecuado desempe\u00f1o de su funci\u00f3n, son sin dudas nuestras grandes preocupaciones.<\/p>\n<p>El Trayecto Formativo previ\u00f3 su organizaci\u00f3n integral en torno al uso pedag\u00f3gico de las TICs hacia el interior del Campo de la Pr\u00e1ctica Docente y su articulaci\u00f3n con los otros campos formativos.<\/p>\n<p>El concepto de campo de formaci\u00f3n remite a un conjunto de conocimientos que apuntan a la profundizaci\u00f3n y consolidaci\u00f3n de capacidades a desarrollar en el transcurso del ciclo, pero representa fundamentalmente, una manera integrada de abordar el conocimiento. La articulaci\u00f3n y coherencia de los campos entre s\u00ed se constituir\u00e1 en eje central de la propuesta para el siguiente a\u00f1o lectivo.<\/p>\n<p>&nbsp;<\/p>\n<p style=\"text-align: left;\">\u00a0Archivo trabajado en el 2\u00b0 Encuentro <a title=\"A Articulaci\u00f3n\" href=\"upload\/articulacion.ppt\" target=\"_blank\" rel=\"noopener\">AQUI<\/a><\/p>\n<p style=\"text-align: center;\">\n<h4 style=\"text-align: justify;\"><span style=\"color: #337eff;\"><strong>Segundas Jornadas, en el marco\u00a0del Proyecto de Acompa\u00f1amiento al Desarrollo Curricular del Campo de la Pr\u00e1ctica Profesional Docente<\/strong>\u00a0<\/span><\/h4>\n<p><strong>Se llevaran a cabo las \u00abSegundas Jornadas, en el marco\u00a0del Proyecto de Acompa\u00f1amiento al Desarrollo Curricular del Campo de la Pr\u00e1ctica Profesional Docente\u00bb\u00a0<\/strong>a realizarse los d\u00edas\u00a0<strong>30<\/strong><strong>\u00a0y 31 de Octubre, Ciudad de Salta,\u00a0<\/strong>en las instalaciones<strong>\u00a0de la U.F.I.De.T.,\u00a0<\/strong>sita en<strong>\u00a0Fragata Libertad 350.<\/strong><\/p>\n<p style=\"text-align: center;\">\n<p>\u00a0Estas Jornadas est\u00e1n destinadas a los\u00a0<strong>equipos de profesores y alumnos del Campo de la\u00a0 Pr\u00e1cticas que participaron del Primer Encuentro en el\u00a0 mes de Mayo, solicit\u00e1ndose en esta oportunidad, un breve relato sobre sus experiencias en el mencionado campo. El mismo podr\u00e1 ser presentado entre docentes y alumnos\/s\u00f3lo alumnos y\/o s\u00f3lo Profesores; debiendo tener en cuenta<\/strong><\/p>\n<p style=\"text-align: center;\">\n<ul>\n<li>Car\u00e1cter institucional<\/li>\n<li>Sentido pedag\u00f3gico<\/li>\n<li>Estrategias de Articulaci\u00f3n<\/li>\n<li>Logros y Dificultades<\/li>\n<li>Apertura de nuevos debates y profundizaci\u00f3n de reflexiones.<\/li>\n<li>Puede ser un relato de experiencia o reconstituci\u00f3n en alg\u00fan soporte digital. Condiciones Formales letra Arial N\u00ba 11, interlineado, no m\u00e1s de cinco carillas y se pueden agregar fotos de las mismas y\/o muestras de recursos significativos.<\/li>\n<\/ul>\n<p style=\"text-align: center;\">\n<p>La participaci\u00f3n de esta instancia, constituye uno de los aspectos necesarios a cumplimentar con la\u00a0<strong>acreditaci\u00f3n del presente Trayecto en hs. c\u00e1tedras.<\/strong><\/p>\n<p>A tal efecto confirmar la participaci\u00f3n en la Jornada con sus respectivos relatos a fin de organizar el\u00a0<strong>tiempo disponible de 15 minutos<\/strong>\u00a0para cada expositor o equipo de expositores. A prop\u00f3sito, nuestra intenci\u00f3n es poder publicar las mismas, enviar sus producciones \u00a0al siguiente mail:\u00a0<a href=\"mailto:puentek@hotmail.com\">puentek@hotmail.com<\/a><\/p>\n<h4 style=\"text-align: left;\"><span style=\"color: #337eff;\"><strong>Primer Encuentro de Acompa\u00f1amiento al Desarrollo\u00a0 Curricular del Campo de la Pr\u00e1ctica Docente<\/strong><\/span><\/h4>\n<p>Se llev\u00f3 a cabo en la Ciudad de Salta los d\u00edas 22 y 23 Mayo en las instalaciones de la U.F.I.De.T,<\/p>\n<p>convocado y organizado por la Direcci\u00f3n General de Educaci\u00f3n Superior, el \u201cPrimer Encuentro de Acompa\u00f1amiento al Desarrollo\u00a0 Curricular del Campo de la Pr\u00e1ctica Docente\u201d.<\/p>\n<p>Cont\u00f3 con la presencia de mas de 300\u00a0 participantes entre \u00a0Docentes y Estudiantes de las Instituciones de distintos puntos de la Provincia y de las Provincias de Jujuy y Tucum\u00e1n.<\/p>\n<p>Los participantes fueron los Institutos que cuentan con la oferta formativa que se encuadra en los nuevos Dise\u00f1os Curriculares Jurisdiccionales con el prop\u00f3sito de:<\/p>\n<ul>\n<li>Revisar los marcos referenciales y la normativa jurisdiccional vigente que permiten la comprensi\u00f3n de las configuraciones institucionales de la pr\u00e1ctica docente en la formaci\u00f3n inicial,<\/li>\n<li>Materializar las l\u00f3gicas especificas desde las cuales se construyen en los procesos curriculares dentro del campo de la pr\u00e1ctica,<\/li>\n<li>Establecer acuerdos entre protagonistas institucionales del campo de la pr\u00e1ctica,<\/li>\n<li>Definir l\u00edneas de Acci\u00f3n comunes para el 2014.<\/li>\n<\/ul>\n<p>Entre las actividades, la Directora del Nivel la Prof. Alfonsina Barraza realizo la presentaci\u00f3n y encuadre del trayecto., la Lic. \u00a0Karina Puente realizo la presentaci\u00f3n del Campo de la Pr\u00e1ctica, sus ejes estructurantes y las problem\u00e1ticas comunes que se presentan. Tambi\u00e9n se conto con la \u00a0acciones vinculadas a las TIC,s en la formaci\u00f3n docente Inicial a cargo de la Prof. Barraza de la Direcci\u00f3n del Nivel junto al Prof. Cristian Ortin y el Ing. Javier Arredes, coordinadores del Programa Conectar Igualdad en Salta.<\/p>\n<p>&nbsp;<\/p>\n<p>Archivo trabajado en el 1\u00b0 Encuentro <a title=\"1\u00b0 Encuentro de Acompa\u00f1amiento al Desarrollo Curricular del Campo de la Practica Docente\" href=\"upload\/1_Encuentro_de_Acompa%F1amiento_al_Desarrollo_Curricular_del_Campo_de_la_Practica_Docente.ppt\" target=\"_blank\" rel=\"noopener\">AQUI<\/a><\/p>\n<p>&nbsp;<\/p>\n","protected":false},"excerpt":{"rendered":"<p>Cierre 2014 de\u00a0\u201cEl Trayecto de acompa\u00f1amiento al Desarrollo Curricular del Campo de la Pr\u00e1ctica Docente Inicial\u201d El d\u00eda 30 y 31 de octubre en la Ciudad de Salta, se desarroll\u00f3 en las instalaciones de la UFIDET el \u00a0\u201cSegundo Encuentro de Acompa\u00f1amiento al Desarrollo Curricular del Campo de la Pr\u00e1ctica Profesional Docente\u201d, destinados a Equipos Docentes &#8230; <a title=\"Campo de la Formaci\u00f3n de las Practicas Profesionales\" class=\"read-more\" href=\"https:\/\/dges-sal.infd.edu.ar\/sitio\/campo-de-la-formacion-de-las-practicas-profesionales\/\" aria-label=\"More on Campo de la Formaci\u00f3n de las Practicas Profesionales\">[+]<\/a><\/p>\n","protected":false},"author":790,"featured_media":0,"parent":0,"menu_order":0,"comment_status":"closed","ping_status":"closed","template":"","meta":[],"acf":[],"_links":{"self":[{"href":"https:\/\/dges-sal.infd.edu.ar\/sitio\/wp-json\/wp\/v2\/pages\/1392"}],"collection":[{"href":"https:\/\/dges-sal.infd.edu.ar\/sitio\/wp-json\/wp\/v2\/pages"}],"about":[{"href":"https:\/\/dges-sal.infd.edu.ar\/sitio\/wp-json\/wp\/v2\/types\/page"}],"author":[{"embeddable":true,"href":"https:\/\/dges-sal.infd.edu.ar\/sitio\/wp-json\/wp\/v2\/users\/790"}],"replies":[{"embeddable":true,"href":"https:\/\/dges-sal.infd.edu.ar\/sitio\/wp-json\/wp\/v2\/comments?post=1392"}],"version-history":[{"count":3,"href":"https:\/\/dges-sal.infd.edu.ar\/sitio\/wp-json\/wp\/v2\/pages\/1392\/revisions"}],"predecessor-version":[{"id":3011,"href":"https:\/\/dges-sal.infd.edu.ar\/sitio\/wp-json\/wp\/v2\/pages\/1392\/revisions\/3011"}],"wp:attachment":[{"href":"https:\/\/dges-sal.infd.edu.ar\/sitio\/wp-json\/wp\/v2\/media?parent=1392"}],"curies":[{"name":"wp","href":"https:\/\/api.w.org\/{rel}","templated":true}]}}